{"id":22964,"date":"2021-01-24T18:11:05","date_gmt":"2021-01-24T17:11:05","guid":{"rendered":"https:\/\/senzor.ba\/?page_id=22964"},"modified":"2024-03-11T13:41:05","modified_gmt":"2024-03-11T12:41:05","slug":"pitanja-i-odgovori","status":"publish","type":"page","link":"https:\/\/tvsensor.com\/pitanja-i-odgovori\/","title":{"rendered":"Pitanja i odgovori"},"content":{"rendered":"<div id=\"tdi_1\" class=\"tdc-zone\"><div class=\"tdc_zone tdi_2  wpb_row td-pb-row\"  >\n<style scoped>\n\/* custom css - generated by TagDiv Composer *\/\n\n\/* custom css - generated by TagDiv Composer *\/\n\/* custom css - generated by TagDiv Composer *\/\n.tdi_2{\r\n                    min-height: 0;\r\n                }\n<\/style><div id=\"tdi_3\" class=\"tdc-row\"><div class=\"vc_row tdi_4  wpb_row td-pb-row\" >\n<style scoped>\n\/* custom css - generated by TagDiv Composer *\/\n\n\/* custom css - generated by TagDiv Composer *\/\n\/* custom css - generated by TagDiv Composer *\/\n\r\n                \r\n                \r\n                .tdi_4,\r\n                .tdi_4 .tdc-columns{\r\n                    min-height: 0;\r\n                }.tdi_4,\r\n\t\t\t\t.tdi_4 .tdc-columns{\r\n\t\t\t\t    display: block;\r\n\t\t\t\t}.tdi_4 .tdc-columns{\r\n\t\t\t\t    width: 100%;\r\n\t\t\t\t}@media (min-width: 768px) {\r\n\t                .tdi_4 {\r\n\t                    margin-left: -0px;\r\n\t                    margin-right: -0px;\r\n\t                }\r\n\t                .tdi_4 .tdc-row-video-background-error,\r\n\t                .tdi_4 > .vc_column,\r\n\t                .tdi_4 > .tdc-columns > .vc_column {\r\n\t                    padding-left: 0px;\r\n\t                    padding-right: 0px;\r\n\t                }\r\n                }\n\/* inline tdc_css att - generated by TagDiv Composer *\/\n\n.tdi_4{\nmargin-top:-20px !important;\n}\n\n.tdi_4 .td_block_wrap{ text-align:left }\n\n<\/style><div class=\"vc_column tdi_6  wpb_column vc_column_container tdc-column td-pb-span12\">\n<style scoped>\n\/* custom css - generated by TagDiv Composer *\/\n\n\/* custom css - generated by TagDiv Composer *\/\n\/* custom css - generated by TagDiv Composer *\/\n.tdi_6{\r\n                    vertical-align: baseline;\r\n                }.tdi_6 > .wpb_wrapper,\r\n\t\t\t\t.tdi_6 > .wpb_wrapper > .tdc-elements{\r\n\t\t\t\t    display: block;\r\n\t\t\t\t}.tdi_6 > .wpb_wrapper > .tdc-elements{\r\n\t\t\t\t    width: 100%;\r\n\t\t\t\t}.tdi_6 > .wpb_wrapper > .vc_row_inner{\r\n\t\t\t\t    width: auto;\r\n\t\t\t\t}.tdi_6 > .wpb_wrapper{\r\n\t\t\t\t    width: auto;\r\n\t\t\t\t    height: auto;\r\n\t\t\t\t}\n<\/style><div class=\"wpb_wrapper\" ><div class=\"vc_row_inner tdi_8  vc_row vc_inner wpb_row td-pb-row\" >\n<style scoped>\n\/* custom css - generated by TagDiv Composer *\/\n\n\/* custom css - generated by TagDiv Composer *\/\n\/* custom css - generated by TagDiv Composer *\/\n.tdi_8{\r\n                    position: relative !important;\r\n                    top: 0;\r\n                    transform: none;\r\n                    -webkit-transform: none;\r\n                }.tdi_8,\r\n\t\t\t\t.tdi_8 .tdc-inner-columns{\r\n\t\t\t\t    display: block;\r\n\t\t\t\t}.tdi_8 .tdc-inner-columns{\r\n\t\t\t\t    width: 100%;\r\n\t\t\t\t}\n<\/style><div class=\"vc_column_inner tdi_10  wpb_column vc_column_container tdc-inner-column td-pb-span8\">\n<style scoped>\n\/* custom css - generated by TagDiv Composer *\/\n\n\/* custom css - generated by TagDiv Composer *\/\n\/* custom css - generated by TagDiv Composer *\/\n.tdi_10{\r\n                    vertical-align: baseline;\r\n                }.tdi_10 .vc_column-inner > .wpb_wrapper,\r\n\t\t\t\t.tdi_10 .vc_column-inner > .wpb_wrapper .tdc-elements{\r\n\t\t\t\t    display: block;\r\n\t\t\t\t}.tdi_10 .vc_column-inner > .wpb_wrapper .tdc-elements{\r\n\t\t\t\t    width: 100%;\r\n\t\t\t\t}\n\/* inline tdc_css att - generated by TagDiv Composer *\/\n\n.tdi_10{\nborder-color:#d3d3d3 !important;\nborder-style:solid !important;\nborder-width: 0px 1px 0px 0px !important;\n}\n\n<\/style><div class=\"vc_column-inner\"><div class=\"wpb_wrapper\" ><div class=\"wpb_wrapper wpb_text_column td_block_wrap td_block_wrap vc_column_text tdi_11  tagdiv-type td-pb-border-top td_block_template_1\"  data-td-block-uid=\"tdi_11\" >\n<style>\n\/* custom css - generated by TagDiv Composer *\/\n\/* custom css - generated by TagDiv Composer *\/\n\n<\/style><div class=\"td-block-title-wrap\"><\/div><div class=\"td-fix-index\"><h3><span style=\"color: #0a79bd;\"><strong>tvsensor.com odgovara na va\u0161a pravna pitanja<\/strong><\/span><\/h3>\n<p>Na\u0161 pravni tim sa doktorom pravnih nauka Esadom Hrva\u010di\u0107em na \u010delu, odgovorit \u0107e javno i diskretno svake sedmice na tri va\u0161a pitanja iz svih pravnih oblasti.<\/p>\n<p>Ovi savjeti su informativne prirode i slu\u017ee isklju\u010divo za dobivanje jasnije slike, kao putokaz i poticaj da prona\u0111ete rje\u0161enje za svoja pravna pitanja. Kako biste dobili \u0161to konkretniji odgovor, molimo vas da i va\u0161e pitanje bude \u0161to kra\u0107e, jezgrovitije i jasnije, ali nemojte izostaviti sve va\u017ene detalje. Budu\u0107i da se zakoni i propisi, te sudska praksa stalno mijenjaju, odgovor ne mora vrijediti i u budu\u0107nosti. Stoga obratite pozornost na datum odgovora.<\/p>\n<p>Za sva dodatna pitanja i pravnu pomo\u0107 obratite se direktno nekome od odvjetnika ili drugih stru\u010dnjaka.<br \/>\nPitanja nam \u0161aljite isklju\u010divo putem na\u0161eg elektronskog formulara.<\/p>\n<\/div><\/div><div class=\"wpb_wrapper wpb_text_column td_block_wrap td_block_wrap vc_column_text tdi_12  tagdiv-type td-pb-border-top td_block_template_1\"  data-td-block-uid=\"tdi_12\" >\n<style>\n\/* custom css - generated by TagDiv Composer *\/\n\/* custom css - generated by TagDiv Composer *\/\n\n<\/style><div class=\"td-block-title-wrap\"><\/div><div class=\"td-fix-index\"><\/div>\n<\/div>\n<\/div><\/div><div class=\"tdm_block td_block_wrap tdm_block_column_title tdi_13 tdm-content-horiz-left td-pb-border-top td_block_template_1\"  data-td-block-uid=\"tdi_13\" >\n<style>\n\/* custom css - generated by TagDiv Composer *\/\n\/* custom css - generated by TagDiv Composer *\/\n.tdm_block_column_title{\r\n                  margin-bottom: 0;\r\n                  display: inline-block;\r\n                  width: 100%;\r\n                }\n<\/style><div class=\"td-block-row\"><div class=\"td-block-span12 tdm-col\">\n<style>\n\/* custom css - generated by TagDiv Composer *\/\n\/* custom css - generated by TagDiv Composer *\/\nbody .tdi_14 .tdm-title{\r\n\t\t\t\t\tcolor: #0a79bd;\r\n\t\t\t\t}.tdi_14 .tdm-title{\r\n\t\t\t\t\tfont-family:Oswald !important;font-size:28px !important;\r\n\t\t\t\t}\n<\/style><div class=\"tds-title tds-title1 td-fix-index tdi_14 \"><h3 class=\"tdm-title tdm-title-sm\">Pitanja \u010ditalaca<\/h3><\/div><\/div><\/div><\/div><div class=\"wpb_wrapper td_block_wrap vc_widget_sidebar tdi_16 \" ><div class=\"lista-pitanja\" id=\"list_pitanja\">\n                    <li>\n                <div class=\"pitanja\">\n                    <div class=\"naslov-pitanja\">\n                        <a href=\"https:\/\/tvsensor.com\/clanak\/pitanja_i_odgovori\/uslovna-osuda\/\" class=\"file-title\">\n                            <img decoding=\"async\" style=\"margin:0\" src=\"https:\/\/tvsensor.com\/wp-content\/themes\/Newspaper-child\/img\/arrow.png\" width=\"15\">USLOVNA OSUDA                        <\/a>\n                    <\/div>\n                    <div class=\"date\">13.02.2021<\/div>\n                    <div class=\"detail\">\n                        Da li osoba kojoj je izre\u010dena uslovna osuda ima pravo na rad? Da li  suprotno KZ FBIH, \u010dlan 113, ista nema mogu\u0107nost da obavlja advokatske i sl. profesije? I za\u0161to nema?                        <br><a href=\"https:\/\/tvsensor.com\/clanak\/pitanja_i_odgovori\/uslovna-osuda\/\">Detaljno >><\/a>\n                    <\/div>\n                <\/div>\n            <\/li>\n                    <li>\n                <div class=\"pitanja\">\n                    <div class=\"naslov-pitanja\">\n                        <a href=\"https:\/\/tvsensor.com\/clanak\/pitanja_i_odgovori\/nasilje-u-porodici\/\" class=\"file-title\">\n                            <img decoding=\"async\" style=\"margin:0\" src=\"https:\/\/tvsensor.com\/wp-content\/themes\/Newspaper-child\/img\/arrow.png\" width=\"15\">Nasilje u porodici                        <\/a>\n                    <\/div>\n                    <div class=\"date\">06.02.2021<\/div>\n                    <div class=\"detail\">\n                        Zbog nasilja u porodici koji mu je u\u010dinio moj mu\u017e, pokrenula sam postupak pred nadle\u017enim sudom.\r\n\u0160ta mogu o\u010dekivati od suda, i da li postoje sankcije za to djelo?                        <br><a href=\"https:\/\/tvsensor.com\/clanak\/pitanja_i_odgovori\/nasilje-u-porodici\/\">Detaljno >><\/a>\n                    <\/div>\n                <\/div>\n            <\/li>\n                    <li>\n                <div class=\"pitanja\">\n                    <div class=\"naslov-pitanja\">\n                        <a href=\"https:\/\/tvsensor.com\/clanak\/pitanja_i_odgovori\/stecena-bracna-imovina-djetetovo-nasljedze\/\" class=\"file-title\">\n                            <img decoding=\"async\" style=\"margin:0\" src=\"https:\/\/tvsensor.com\/wp-content\/themes\/Newspaper-child\/img\/arrow.png\" width=\"15\">Ste\u010dena bra\u010dna imovina, djetetovo naslje\u0111e                        <\/a>\n                    <\/div>\n                    <div class=\"date\">06.02.2021<\/div>\n                    <div class=\"detail\">\n                        Pitanje:\r\nPozdrav javljam se iz Zavidovica gdje i zivim posto sam sa rahmetli muzem nakon vjen\u010danja gradila sprat kuce na vec postoje\u0107em objektu tj. Kuci svekra i svekrve, znaci ja muz prusili i pravili sve ali nemam papire o vlasni\u0161tvu jer je sve bilo na svekru koji je umro svekrva je ostala i djever, oni su mene moju djevojcice istjerali nakon smrti mog muza i sve je ostalo nerije\u0161eno.Da li imamo pravo na to nase i da li moja kcerka ima pravo da djeli i ostalu imovinu sa djeverom posto nismo bili pozvani na ostavi sku raspravu nakon svekrove smrti a ja neznam na kome se sad to sve vodi, svekrva je ziva jos sta da ucinio jer smo nemo ne, Hvala unapred                        <br><a href=\"https:\/\/tvsensor.com\/clanak\/pitanja_i_odgovori\/stecena-bracna-imovina-djetetovo-nasljedze\/\">Detaljno >><\/a>\n                    <\/div>\n                <\/div>\n            <\/li>\n                    <li>\n                <div class=\"pitanja\">\n                    <div class=\"naslov-pitanja\">\n                        <a href=\"https:\/\/tvsensor.com\/clanak\/pitanja_i_odgovori\/skolarina-invalidnog-dijeteta\/\" class=\"file-title\">\n                            <img decoding=\"async\" style=\"margin:0\" src=\"https:\/\/tvsensor.com\/wp-content\/themes\/Newspaper-child\/img\/arrow.png\" width=\"15\">\u0160kolarina invalidnog dijeteta                        <\/a>\n                    <\/div>\n                    <div class=\"date\">06.02.2021<\/div>\n                    <div class=\"detail\">\n                        Pitanje:\r\nVeliki pozdrav. Zanima me samo jedno. U zakonu 2011 kada je moje gluhonijemo dijete krenulo u \u0161kolu. Tada je isao u Tuzlu za djecu sa smetnjama sluha i govora. U zakonu je pisalo roditelji koji nemaju svoj dom i auto ne pla\u0107aju smje\u0161taj. Medjitim nama je do\u0161lo rje\u0161enje da se placa 130 km iako mu\u017e sam radio i sada sam radi. To nas je tih 9 godina ko\u0161talo preko 10 000 km plus prevozi i topli obrok. Kada se nekome obratim odmah ka\u017eu pa ima 100 km invalidnine. Pa ne mo\u017ee to pokriti sve tro\u0161kove. Zanima me imam li ikakva prava da to povrati. I mu\u017e sam je invalid radi hvala Allahu a djeca oba sa o\u0161te\u0107enjem sluha i govora. Svi nose aparate koje sami moramo kupiti jer dr\u017eava snosi samo do 7 godina i preko 65. Hvala velika                        <br><a href=\"https:\/\/tvsensor.com\/clanak\/pitanja_i_odgovori\/skolarina-invalidnog-dijeteta\/\">Detaljno >><\/a>\n                    <\/div>\n                <\/div>\n            <\/li>\n                    <li>\n                <div class=\"pitanja\">\n                    <div class=\"naslov-pitanja\">\n                        <a href=\"https:\/\/tvsensor.com\/clanak\/pitanja_i_odgovori\/zakon-o-radu\/\" class=\"file-title\">\n                            <img decoding=\"async\" style=\"margin:0\" src=\"https:\/\/tvsensor.com\/wp-content\/themes\/Newspaper-child\/img\/arrow.png\" width=\"15\">ZAKON O RADU                        <\/a>\n                    <\/div>\n                    <div class=\"date\">04.02.2021<\/div>\n                    <div class=\"detail\">\n                        Da li mi mo\u017eete dostaviti najnovije izmjene zakona o radu!                        <br><a href=\"https:\/\/tvsensor.com\/clanak\/pitanja_i_odgovori\/zakon-o-radu\/\">Detaljno >><\/a>\n                    <\/div>\n                <\/div>\n            <\/li>\n                    <li>\n                <div class=\"pitanja\">\n                    <div class=\"naslov-pitanja\">\n                        <a href=\"https:\/\/tvsensor.com\/clanak\/pitanja_i_odgovori\/pravo-na-porodicnu-penziju-vanbracnog-supruga\/\" class=\"file-title\">\n                            <img decoding=\"async\" style=\"margin:0\" src=\"https:\/\/tvsensor.com\/wp-content\/themes\/Newspaper-child\/img\/arrow.png\" width=\"15\">Pravo na porodi\u010dnu penziju vanbra\u010dnog supruga                        <\/a>\n                    <\/div>\n                    <div class=\"date\">24.01.2021<\/div>\n                    <div class=\"detail\">\n                        Kao vanbra\u010dna supruga, imam li pravo na poprodi\u010dnu penziju?\r\n\r\n                        <br><a href=\"https:\/\/tvsensor.com\/clanak\/pitanja_i_odgovori\/pravo-na-porodicnu-penziju-vanbracnog-supruga\/\">Detaljno >><\/a>\n                    <\/div>\n                <\/div>\n            <\/li>\n                    <li>\n                <div class=\"pitanja\">\n                    <div class=\"naslov-pitanja\">\n                        <a href=\"https:\/\/tvsensor.com\/clanak\/pitanja_i_odgovori\/pitanje-u-vezi-ugovora-u-novoj-firmi\/\" class=\"file-title\">\n                            <img decoding=\"async\" style=\"margin:0\" src=\"https:\/\/tvsensor.com\/wp-content\/themes\/Newspaper-child\/img\/arrow.png\" width=\"15\">Stanarsko pravo                        <\/a>\n                    <\/div>\n                    <div class=\"date\">23.01.2021<\/div>\n                    <div class=\"detail\">\n                        Nalazim se u stanu od 1996.godine bez bilo kakvog pravnog osnova u kome se i danas nalazim, da li sam ostvarila pravo nosica sanarskog prava?                        <br><a href=\"https:\/\/tvsensor.com\/clanak\/pitanja_i_odgovori\/pitanje-u-vezi-ugovora-u-novoj-firmi\/\">Detaljno >><\/a>\n                    <\/div>\n                <\/div>\n            <\/li>\n                    <li>\n                <div class=\"pitanja\">\n                    <div class=\"naslov-pitanja\">\n                        <a href=\"https:\/\/tvsensor.com\/clanak\/pitanja_i_odgovori\/postovani-supruga-treba-da-ide-u-inostranstvo-na-rad-od-4god-zaposlena-u-nasem-ministarstvu-sa-njom-idemo-svi-znam-da-moj-poslodavac-mora-da-mi-odobri-neplaceno-ono-sto-me-interesuje-je-ako-vi-zn\/\" class=\"file-title\">\n                            <img decoding=\"async\" style=\"margin:0\" src=\"https:\/\/tvsensor.com\/wp-content\/themes\/Newspaper-child\/img\/arrow.png\" width=\"15\">Pravo na nu\u017eno naslje\u0111e                        <\/a>\n                    <\/div>\n                    <div class=\"date\">23.01.2021<\/div>\n                    <div class=\"detail\">\n                        Tata mi je umro i ostavio testament kojim svu imovinu ostavlja mojoj sestri, imam li pravo tra\u017eiti naslje\u0111e?                        <br><a href=\"https:\/\/tvsensor.com\/clanak\/pitanja_i_odgovori\/postovani-supruga-treba-da-ide-u-inostranstvo-na-rad-od-4god-zaposlena-u-nasem-ministarstvu-sa-njom-idemo-svi-znam-da-moj-poslodavac-mora-da-mi-odobri-neplaceno-ono-sto-me-interesuje-je-ako-vi-zn\/\">Detaljno >><\/a>\n                    <\/div>\n                <\/div>\n            <\/li>\n                    <nav class=\"pagination\">\n                            <\/nav>\n            <\/div>\n<aside id=\"text-4\" class=\"td_block_template_1 widget widget_text\">\t\t\t<div class=\"textwidget\">\n<\/div>\n\t\t<\/aside><\/div><\/div><\/div><\/div><div class=\"vc_column_inner tdi_19  wpb_column vc_column_container tdc-inner-column td-pb-span4\">\n<style scoped>\n\/* custom css - generated by TagDiv Composer *\/\n\n\/* custom css - generated by TagDiv Composer *\/\n\/* custom css - generated by TagDiv Composer *\/\n.tdi_19{\r\n                    vertical-align: baseline;\r\n                }.tdi_19 .vc_column-inner > .wpb_wrapper,\r\n\t\t\t\t.tdi_19 .vc_column-inner > .wpb_wrapper .tdc-elements{\r\n\t\t\t\t    display: block;\r\n\t\t\t\t}.tdi_19 .vc_column-inner > .wpb_wrapper .tdc-elements{\r\n\t\t\t\t    width: 100%;\r\n\t\t\t\t}\n<\/style><div class=\"vc_column-inner\"><div class=\"wpb_wrapper\" ><div class=\"td_block_wrap td_block_3 tdi_20 td_with_ajax_pagination td-pb-border-top blok td_block_template_1 td-column-1 td_block_padding\"  data-td-block-uid=\"tdi_20\" >\n<style>\n\/* custom css - generated by TagDiv Composer *\/\n\n<\/style>\n<style>\n\/* custom css - generated by TagDiv Composer *\/\n\/* custom css - generated by TagDiv Composer *\/\n\n<\/style><script>var block_tdi_20 = new tdBlock();\nblock_tdi_20.id = \"tdi_20\";\nblock_tdi_20.atts = '{\"modules_on_row\":\"\",\"limit\":\"3\",\"hide_audio\":\"yes\",\"category_id\":\"72\",\"custom_title\":\"TV Sensor\",\"m11_el\":\"0\",\"show_cat\":\"none\",\"image_width\":\"\",\"image_floated\":\"\",\"meta_padding\":\"\",\"image_radius\":\"\",\"image_height\":\"65\",\"meta_info_horiz\":\"layout-default\",\"modules_category\":\"image\",\"modules_category_margin\":\"\",\"ajax_pagination\":\"next_prev\",\"mx1_tl\":\"25\",\"excerpt_col\":\"\",\"meta_info_align\":\"center\",\"el_class\":\"blok\",\"block_type\":\"td_block_3\",\"separator\":\"\",\"custom_url\":\"\",\"block_template_id\":\"\",\"m1_tl\":\"\",\"post_ids\":\"\",\"taxonomies\":\"\",\"category_ids\":\"\",\"in_all_terms\":\"\",\"tag_slug\":\"\",\"autors_id\":\"\",\"installed_post_types\":\"\",\"include_cf_posts\":\"\",\"exclude_cf_posts\":\"\",\"sort\":\"\",\"popular_by_date\":\"\",\"linked_posts\":\"\",\"favourite_only\":\"\",\"offset\":\"\",\"open_in_new_window\":\"\",\"show_modified_date\":\"\",\"time_ago\":\"\",\"time_ago_add_txt\":\"ago\",\"time_ago_txt_pos\":\"\",\"review_source\":\"\",\"td_ajax_filter_type\":\"\",\"td_ajax_filter_ids\":\"\",\"td_filter_default_txt\":\"All\",\"td_ajax_preloading\":\"\",\"f_header_font_header\":\"\",\"f_header_font_title\":\"Block header\",\"f_header_font_settings\":\"\",\"f_header_font_family\":\"\",\"f_header_font_size\":\"\",\"f_header_font_line_height\":\"\",\"f_header_font_style\":\"\",\"f_header_font_weight\":\"\",\"f_header_font_transform\":\"\",\"f_header_font_spacing\":\"\",\"f_header_\":\"\",\"f_ajax_font_title\":\"Ajax categories\",\"f_ajax_font_settings\":\"\",\"f_ajax_font_family\":\"\",\"f_ajax_font_size\":\"\",\"f_ajax_font_line_height\":\"\",\"f_ajax_font_style\":\"\",\"f_ajax_font_weight\":\"\",\"f_ajax_font_transform\":\"\",\"f_ajax_font_spacing\":\"\",\"f_ajax_\":\"\",\"f_more_font_title\":\"Load more button\",\"f_more_font_settings\":\"\",\"f_more_font_family\":\"\",\"f_more_font_size\":\"\",\"f_more_font_line_height\":\"\",\"f_more_font_style\":\"\",\"f_more_font_weight\":\"\",\"f_more_font_transform\":\"\",\"f_more_font_spacing\":\"\",\"f_more_\":\"\",\"m1f_title_font_header\":\"\",\"m1f_title_font_title\":\"Article title\",\"m1f_title_font_settings\":\"\",\"m1f_title_font_family\":\"\",\"m1f_title_font_size\":\"\",\"m1f_title_font_line_height\":\"\",\"m1f_title_font_style\":\"\",\"m1f_title_font_weight\":\"\",\"m1f_title_font_transform\":\"\",\"m1f_title_font_spacing\":\"\",\"m1f_title_\":\"\",\"m1f_cat_font_title\":\"Article category tag\",\"m1f_cat_font_settings\":\"\",\"m1f_cat_font_family\":\"\",\"m1f_cat_font_size\":\"\",\"m1f_cat_font_line_height\":\"\",\"m1f_cat_font_style\":\"\",\"m1f_cat_font_weight\":\"\",\"m1f_cat_font_transform\":\"\",\"m1f_cat_font_spacing\":\"\",\"m1f_cat_\":\"\",\"m1f_meta_font_title\":\"Article meta info\",\"m1f_meta_font_settings\":\"\",\"m1f_meta_font_family\":\"\",\"m1f_meta_font_size\":\"\",\"m1f_meta_font_line_height\":\"\",\"m1f_meta_font_style\":\"\",\"m1f_meta_font_weight\":\"\",\"m1f_meta_font_transform\":\"\",\"m1f_meta_font_spacing\":\"\",\"m1f_meta_\":\"\",\"ajax_pagination_next_prev_swipe\":\"\",\"ajax_pagination_infinite_stop\":\"\",\"css\":\"\",\"tdc_css\":\"\",\"td_column_number\":1,\"header_color\":\"\",\"color_preset\":\"\",\"border_top\":\"\",\"class\":\"tdi_20\",\"tdc_css_class\":\"tdi_20\",\"tdc_css_class_style\":\"tdi_20_rand_style\"}';\nblock_tdi_20.td_column_number = \"1\";\nblock_tdi_20.block_type = \"td_block_3\";\nblock_tdi_20.post_count = \"3\";\nblock_tdi_20.found_posts = \"252\";\nblock_tdi_20.header_color = \"\";\nblock_tdi_20.ajax_pagination_infinite_stop = \"\";\nblock_tdi_20.max_num_pages = \"84\";\ntdBlocksArray.push(block_tdi_20);\n<\/script><div class=\"td-block-title-wrap\"><h4 class=\"block-title td-block-title\"><span class=\"td-pulldown-size\">TV Sensor<\/span><\/h4><\/div><div id=tdi_20 class=\"td_block_inner\">\n\n\t<div class=\"td-block-span12\">\n\r\n        <div class=\"td_module_1 td_module_wrap td-animation-stack\">\r\n            <div class=\"td-module-image\">\r\n                <div class=\"td-module-thumb\"><a href=\"https:\/\/tvsensor.com\/clanak\/italijani-placali-da-ubijaju-sarajlije-pokrenuta-istraga-o-vikend-snajperistima-koji-su-pucali-iz-zabave\/\"  rel=\"bookmark\" class=\"td-image-wrap \" title=\"Italijani pla\u0107ali da ubijaju Sarajlije: Pokrenuta istraga o \u201evikend snajperistima\u201c koji su pucali iz zabave\" ><img loading=\"lazy\" decoding=\"async\" class=\"entry-thumb\" src=\"data:image\/png;base64,iVBORw0KGgoAAAANSUhEUgAAAUQAAACgAQMAAABOhoelAAAAA1BMVEWurq51dlI4AAAAAXRSTlMmkutdmwAAAB1JREFUWMPtwTEBAAAAwiD7p\/ZdCGAAAAAAAAAQBxpAAAH8le3bAAAAAElFTkSuQmCC\" alt=\"\" title=\"Italijani pla\u0107ali da ubijaju Sarajlije: Pokrenuta istraga o \u201evikend snajperistima\u201c koji su pucali iz zabave\" data-type=\"image_tag\" data-img-url=\"https:\/\/tvsensor.com\/wp-content\/uploads\/2025\/11\/image-w1280-324x160.webp\"  width=\"324\" height=\"160\" \/><span class=\"td-video-play-ico\"><i class=\"td-icon-video-thumb-play\"><\/i><\/span><\/a><\/div>                <a href=\"https:\/\/tvsensor.com\/kategorija\/magazin\/ekonomija\/bih\/\" class=\"td-post-category\">BiH<\/a>            <\/div>\r\n            <h3 class=\"entry-title td-module-title\"><a href=\"https:\/\/tvsensor.com\/clanak\/italijani-placali-da-ubijaju-sarajlije-pokrenuta-istraga-o-vikend-snajperistima-koji-su-pucali-iz-zabave\/\"  rel=\"bookmark\" title=\"Italijani pla\u0107ali da ubijaju Sarajlije: Pokrenuta istraga o \u201evikend snajperistima\u201c koji su pucali iz zabave\">Italijani pla\u0107ali da ubijaju Sarajlije: Pokrenuta istraga o \u201evikend snajperistima\u201c koji...<\/a><\/h3>\r\n            <div class=\"td-module-meta-info\">\r\n                                <span class=\"td-post-date\"><time class=\"entry-date updated td-module-date\" datetime=\"2025-11-10T19:14:17+01:00\" >10.11.2025<\/time><\/span>                            <\/div>\r\n\r\n            \r\n        <\/div>\r\n\r\n        \n\t<\/div> <!-- .\/td-block-span12 -->\n\n\t<div class=\"td-block-span12\">\n\r\n        <div class=\"td_module_1 td_module_wrap td-animation-stack\">\r\n            <div class=\"td-module-image\">\r\n                <div class=\"td-module-thumb\"><a href=\"https:\/\/tvsensor.com\/clanak\/akademik-kurtcehajic-bosna-odgovara-pobjedom\/\"  rel=\"bookmark\" class=\"td-image-wrap \" title=\"Kurt\u0107ehaji\u0107 o ideji bosanstva i drugim aktuelnim problemima u Bosni\" ><img loading=\"lazy\" decoding=\"async\" class=\"entry-thumb\" src=\"data:image\/png;base64,iVBORw0KGgoAAAANSUhEUgAAAUQAAACgAQMAAABOhoelAAAAA1BMVEWurq51dlI4AAAAAXRSTlMmkutdmwAAAB1JREFUWMPtwTEBAAAAwiD7p\/ZdCGAAAAAAAAAQBxpAAAH8le3bAAAAAElFTkSuQmCC\" alt=\"\" title=\"Kurt\u0107ehaji\u0107 o ideji bosanstva i drugim aktuelnim problemima u Bosni\" data-type=\"image_tag\" data-img-url=\"https:\/\/tvsensor.com\/wp-content\/uploads\/2025\/04\/maxresdefault-324x160.jpg\"  width=\"324\" height=\"160\" \/><span class=\"td-video-play-ico\"><i class=\"td-icon-video-thumb-play\"><\/i><\/span><\/a><\/div>                <a href=\"https:\/\/tvsensor.com\/kategorija\/video-galerija\/dijalog\/\" class=\"td-post-category\">Dijalog<\/a>            <\/div>\r\n            <h3 class=\"entry-title td-module-title\"><a href=\"https:\/\/tvsensor.com\/clanak\/akademik-kurtcehajic-bosna-odgovara-pobjedom\/\"  rel=\"bookmark\" title=\"Kurt\u0107ehaji\u0107 o ideji bosanstva i drugim aktuelnim problemima u Bosni\">Kurt\u0107ehaji\u0107 o ideji bosanstva i drugim aktuelnim problemima u Bosni<\/a><\/h3>\r\n            <div class=\"td-module-meta-info\">\r\n                                <span class=\"td-post-date\"><time class=\"entry-date updated td-module-date\" datetime=\"2025-04-25T13:17:50+01:00\" >25.04.2025<\/time><\/span>                            <\/div>\r\n\r\n            \r\n        <\/div>\r\n\r\n        \n\t<\/div> <!-- .\/td-block-span12 -->\n\n\t<div class=\"td-block-span12\">\n\r\n        <div class=\"td_module_1 td_module_wrap td-animation-stack\">\r\n            <div class=\"td-module-image\">\r\n                <div class=\"td-module-thumb\"><a href=\"https:\/\/tvsensor.com\/clanak\/bascarsija-danas-19-04-2024-suncem-okupana-i-prepuna-turista-iz-cijelog-svijeta-sarajevo-u-svom-najljepsem-izdanju\/\"  rel=\"bookmark\" class=\"td-image-wrap \" title=\"Ba\u0161\u010dar\u0161ija danas, 19. 04. 2024. \u2013 suncem okupana i prepuna turista iz cijelog svijeta. Sarajevo u svom najljep\u0161em izdanju.\" ><img loading=\"lazy\" decoding=\"async\" class=\"entry-thumb\" src=\"data:image\/png;base64,iVBORw0KGgoAAAANSUhEUgAAAUQAAACgAQMAAABOhoelAAAAA1BMVEWurq51dlI4AAAAAXRSTlMmkutdmwAAAB1JREFUWMPtwTEBAAAAwiD7p\/ZdCGAAAAAAAAAQBxpAAAH8le3bAAAAAElFTkSuQmCC\" alt=\"\" title=\"Ba\u0161\u010dar\u0161ija danas, 19. 04. 2024. \u2013 suncem okupana i prepuna turista iz cijelog svijeta. Sarajevo u svom najljep\u0161em izdanju.\" data-type=\"image_tag\" data-img-url=\"https:\/\/tvsensor.com\/wp-content\/uploads\/2025\/04\/Bascarsija-324x160.png\"  width=\"324\" height=\"160\" \/><span class=\"td-video-play-ico\"><i class=\"td-icon-video-thumb-play\"><\/i><\/span><\/a><\/div>                <a href=\"https:\/\/tvsensor.com\/kategorija\/video-galerija\/\" class=\"td-post-category\">TV Sensor<\/a>            <\/div>\r\n            <h3 class=\"entry-title td-module-title\"><a href=\"https:\/\/tvsensor.com\/clanak\/bascarsija-danas-19-04-2024-suncem-okupana-i-prepuna-turista-iz-cijelog-svijeta-sarajevo-u-svom-najljepsem-izdanju\/\"  rel=\"bookmark\" title=\"Ba\u0161\u010dar\u0161ija danas, 19. 04. 2024. \u2013 suncem okupana i prepuna turista iz cijelog svijeta. Sarajevo u svom najljep\u0161em izdanju.\">Ba\u0161\u010dar\u0161ija danas, 19. 04. 2024. \u2013 suncem okupana i prepuna turista...<\/a><\/h3>\r\n            <div class=\"td-module-meta-info\">\r\n                                <span class=\"td-post-date\"><time class=\"entry-date updated td-module-date\" datetime=\"2025-04-19T14:35:35+01:00\" >19.04.2025<\/time><\/span>                            <\/div>\r\n\r\n            \r\n        <\/div>\r\n\r\n        \n\t<\/div> <!-- .\/td-block-span12 --><\/div><div class=\"td-next-prev-wrap\"><a href=\"#\" class=\"td-ajax-prev-page ajax-page-disabled\" aria-label=\"prev-page\" id=\"prev-page-tdi_20\" data-td_block_id=\"tdi_20\"><i class=\"td-next-prev-icon td-icon-font td-icon-menu-left\"><\/i><\/a><a href=\"#\"  class=\"td-ajax-next-page\" aria-label=\"next-page\" id=\"next-page-tdi_20\" data-td_block_id=\"tdi_20\"><i class=\"td-next-prev-icon td-icon-font td-icon-menu-right\"><\/i><\/a><\/div><\/div> <!-- .\/block -->\n <!-- A generated by theme --> \n\n<script async src=\"\/\/pagead2.googlesyndication.com\/pagead\/js\/adsbygoogle.js\"><\/script><div class=\"td-g-rec td-g-rec-id-sidebar tdi_21 td_block_template_1 \">\n\n<style>\n\/* custom css - generated by TagDiv Composer *\/\n\/* custom css - generated by TagDiv Composer *\/\n.tdi_21.td-a-rec{\r\n\t\t\t\t\ttext-align: center;\r\n\t\t\t\t}.tdi_21.td-a-rec:not(.td-a-rec-no-translate){\r\n\t\t\t\t    transform: translateZ(0);\r\n\t\t\t\t}.tdi_21 .td-element-style{\r\n\t\t\t\t\tz-index: -1;\r\n\t\t\t\t}\n<\/style><script type=\"text\/javascript\">\nvar td_screen_width = window.innerWidth;\nwindow.addEventListener(\"load\", function(){            \r\n\t            var placeAdEl = document.getElementById(\"td-ad-placeholder\");\r\n\t\t\t    if ( null !== placeAdEl && td_screen_width >= 1140 ) {\r\n\t\t\t        \r\n\t\t\t        \/* large monitors *\/\r\n\t\t\t        var adEl = document.createElement(\"ins\");\r\n\t\t            placeAdEl.replaceWith(adEl);\t\r\n\t\t            adEl.setAttribute(\"class\", \"adsbygoogle\");\r\n\t\t            adEl.setAttribute(\"style\", \"display:inline-block;width:300px;height:600px\");\t            \t\t                \r\n\t\t            adEl.setAttribute(\"data-ad-client\", \"ca-pub-1956014459028912\");\r\n\t\t            adEl.setAttribute(\"data-ad-slot\", \"4088713425\");\t            \r\n\t\t\t        (adsbygoogle = window.adsbygoogle || []).push({});\r\n\t\t\t    }\r\n\t\t\t});window.addEventListener(\"load\", function(){            \r\n\t            var placeAdEl = document.getElementById(\"td-ad-placeholder\");\r\n\t\t\t    if ( null !== placeAdEl && td_screen_width >= 1019  && td_screen_width < 1140 ) {\r\n\t\t\t    \r\n\t\t\t        \/* landscape tablets *\/\r\n\t\t\t        var adEl = document.createElement(\"ins\");\r\n\t\t            placeAdEl.replaceWith(adEl);\t\r\n\t\t            adEl.setAttribute(\"class\", \"adsbygoogle\");\r\n\t\t            adEl.setAttribute(\"style\", \"display:inline-block;width:300px;height:250px\");\t            \t\t                \r\n\t\t            adEl.setAttribute(\"data-ad-client\", \"ca-pub-1956014459028912\");\r\n\t\t            adEl.setAttribute(\"data-ad-slot\", \"4088713425\");\t            \r\n\t\t\t        (adsbygoogle = window.adsbygoogle || []).push({});\r\n\t\t\t    }\r\n\t\t\t});window.addEventListener(\"load\", function(){            \r\n\t            var placeAdEl = document.getElementById(\"td-ad-placeholder\");\r\n\t\t\t    if ( null !== placeAdEl && td_screen_width >= 768  && td_screen_width < 1019 ) {\r\n\t\t\t    \r\n\t\t\t        \/* portrait tablets *\/\r\n\t\t\t        var adEl = document.createElement(\"ins\");\r\n\t\t            placeAdEl.replaceWith(adEl);\t\r\n\t\t            adEl.setAttribute(\"class\", \"adsbygoogle\");\r\n\t\t            adEl.setAttribute(\"style\", \"display:inline-block;width:200px;height:200px\");\t            \t\t                \r\n\t\t            adEl.setAttribute(\"data-ad-client\", \"ca-pub-1956014459028912\");\r\n\t\t            adEl.setAttribute(\"data-ad-slot\", \"4088713425\");\t            \r\n\t\t\t        (adsbygoogle = window.adsbygoogle || []).push({});\r\n\t\t\t    }\r\n\t\t\t});window.addEventListener(\"load\", function(){            \r\n\t            var placeAdEl = document.getElementById(\"td-ad-placeholder\");\r\n\t\t\t    if ( null !== placeAdEl && td_screen_width < 768 ) {\r\n\t\t\t    \r\n\t\t\t        \/* Phones *\/\r\n\t\t\t        var adEl = document.createElement(\"ins\");\r\n\t\t            placeAdEl.replaceWith(adEl);\t\r\n\t\t            adEl.setAttribute(\"class\", \"adsbygoogle\");\r\n\t\t            adEl.setAttribute(\"style\", \"display:inline-block;width:300px;height:250px\");\t            \t\t                \r\n\t\t            adEl.setAttribute(\"data-ad-client\", \"ca-pub-1956014459028912\");\r\n\t\t            adEl.setAttribute(\"data-ad-slot\", \"4088713425\");\t            \r\n\t\t\t        (adsbygoogle = window.adsbygoogle || []).push({});\r\n\t\t\t    }\r\n\t\t\t});<\/script>\n<noscript id=\"td-ad-placeholder\"><\/noscript><\/div>\n\n <!-- end A --> \n\n<div class=\"wpb_wrapper td_block_wrap vc_widget_sidebar tdi_23 \" ><aside class=\"td_block_template_1 widget widget_wpt\">\t\t\t<div class=\"wpt_widget_content\" id=\"wpt_widget-2_content\" data-widget-number=\"2\">\n\t\t\t\t<ul class=\"wpt-tabs has-2-tabs\">\n\t\t\t\t\t\t\t\t\t\t\t\t\t\t\t\t\t\t<li class=\"tab_title\"><a href=\"#\" id=\"popular-tab\">Popularno<\/a><\/li>\n\t\t\t\t\t\t\t\t\t\t\t\t\t\t\t\t\t\t\t\t\t\t\t\t<li class=\"tab_title\"><a href=\"#\" id=\"recent-tab\">Aktuelno<\/a><\/li>\n\t\t\t\t\t\t\t\t\t\t\t\t\t\t\t\t\t\t\t\t\t\t\t\t\t\t\t\t\t\t\t\t\t\t\t\t\t<\/ul> <!--end .tabs-->\n\t\t\t\t<div class=\"clear\"><\/div>\n\t\t\t\t<div class=\"inside\">\n\t\t\t\t\t\t\t\t\t\t\t<div id=\"popular-tab-content\" class=\"tab-content\">\n\t\t\t\t\t\t<\/div> <!--end #popular-tab-content-->\n\t\t\t\t\t\t\t\t\t\t\t\t\t\t\t\t<div id=\"recent-tab-content\" class=\"tab-content\">\n\t\t\t\t\t\t<\/div> <!--end #recent-tab-content-->\n\t\t\t\t\t\t\t\t\t\t\t\t\t\t\t\t\t\t\t\t<div class=\"clear\"><\/div>\n\t\t\t\t<\/div> <!--end .inside -->\n\t\t\t\t<div class=\"clear\"><\/div>\n\t\t\t<\/div><!--end #tabber -->\n\t\t\t\t\t\t<script type=\"text\/javascript\">\n\t\t\t\tjQuery(function($) {\n\t\t\t\t\t$('#wpt_widget-2_content').data('args', {\"allow_pagination\":\"1\",\"post_num\":\"5\",\"title_length\":\"9\",\"comment_num\":\"5\",\"show_thumb\":\"1\",\"thumb_size\":\"medium\",\"show_date\":\"1\",\"show_excerpt\":\"\",\"excerpt_length\":\"15\",\"show_comment_num\":\"\",\"show_avatar\":\"1\"});\n\t\t\t\t});\n\t\t\t<\/script>\n\t\t\t<\/aside>\t\t\t<aside class=\"td_block_template_1 widget widget_block\"><p><script async src=\"https:\/\/pagead2.googlesyndication.com\/pagead\/js\/adsbygoogle.js?client=ca-pub-1956014459028912\"\n     crossorigin=\"anonymous\"><\/script><br \/>\n<!-- Sidebar square --><br \/>\n<ins class=\"adsbygoogle\"\n     style=\"display:block\"\n     data-ad-client=\"ca-pub-1956014459028912\"\n     data-ad-slot=\"4699814830\"\n     data-ad-format=\"auto\"\n     data-full-width-responsive=\"true\"><\/ins><br \/>\n<script>\n     (adsbygoogle = window.adsbygoogle || []).push({});\n<\/script><\/p>\n<\/aside><\/div><\/div><\/div><\/div><\/div><\/div><\/div><\/div><\/div><\/div><\/div>","protected":false},"excerpt":{"rendered":"","protected":false},"author":59,"featured_media":0,"parent":0,"menu_order":0,"comment_status":"closed","ping_status":"closed","template":"","meta":{"inline_featured_image":false,"footnotes":""},"class_list":["post-22964","page","type-page","status-publish"],"acf":[],"_links":{"self":[{"href":"https:\/\/tvsensor.com\/api\/wp\/v2\/pages\/22964","targetHints":{"allow":["GET"]}}],"collection":[{"href":"https:\/\/tvsensor.com\/api\/wp\/v2\/pages"}],"about":[{"href":"https:\/\/tvsensor.com\/api\/wp\/v2\/types\/page"}],"author":[{"embeddable":true,"href":"https:\/\/tvsensor.com\/api\/wp\/v2\/users\/59"}],"replies":[{"embeddable":true,"href":"https:\/\/tvsensor.com\/api\/wp\/v2\/comments?post=22964"}],"version-history":[{"count":11,"href":"https:\/\/tvsensor.com\/api\/wp\/v2\/pages\/22964\/revisions"}],"predecessor-version":[{"id":36293,"href":"https:\/\/tvsensor.com\/api\/wp\/v2\/pages\/22964\/revisions\/36293"}],"wp:attachment":[{"href":"https:\/\/tvsensor.com\/api\/wp\/v2\/media?parent=22964"}],"curies":[{"name":"wp","href":"https:\/\/api.w.org\/{rel}","templated":true}]}}