{"version":"1.0","provider_name":"TVSensor","provider_url":"https:\/\/tvsensor.com","title":"(VIDEO) Muhamed Be\u0161i\u0107 borbeno\u0161\u0107u na debiju odu\u0161evio navija\u010de Sheffielda","type":"rich","width":600,"height":338,"html":"<blockquote class=\"wp-embedded-content\" data-secret=\"Powv7mb4yt\"><a href=\"https:\/\/tvsensor.com\/clanak\/video-muhamed-besic-borbenoscu-na-debiju-odusevio-navijace-sheffielda\/\">(VIDEO) Muhamed Be\u0161i\u0107 borbeno\u0161\u0107u na debiju odu\u0161evio navija\u010de Sheffielda<\/a><\/blockquote><iframe sandbox=\"allow-scripts\" security=\"restricted\" src=\"https:\/\/tvsensor.com\/clanak\/video-muhamed-besic-borbenoscu-na-debiju-odusevio-navijace-sheffielda\/embed\/#?secret=Powv7mb4yt\" width=\"600\" height=\"338\" title=\"&#8220;(VIDEO) Muhamed Be\u0161i\u0107 borbeno\u0161\u0107u na debiju odu\u0161evio navija\u010de Sheffielda&#8221; &#8212; TVSensor\" data-secret=\"Powv7mb4yt\" frameborder=\"0\" marginwidth=\"0\" marginheight=\"0\" scrolling=\"no\" class=\"wp-embedded-content\"><\/iframe><script type=\"text\/javascript\">\n\/* <![CDATA[ *\/\n\/*! This file is auto-generated *\/\n!function(d,l){\"use strict\";l.querySelector&&d.addEventListener&&\"undefined\"!=typeof URL&&(d.wp=d.wp||{},d.wp.receiveEmbedMessage||(d.wp.receiveEmbedMessage=function(e){var t=e.data;if((t||t.secret||t.message||t.value)&&!\/[^a-zA-Z0-9]\/.test(t.secret)){for(var s,r,n,a=l.querySelectorAll('iframe[data-secret=\"'+t.secret+'\"]'),o=l.querySelectorAll('blockquote[data-secret=\"'+t.secret+'\"]'),c=new RegExp(\"^https?:$\",\"i\"),i=0;i<o.length;i++)o[i].style.display=\"none\";for(i=0;i<a.length;i++)s=a[i],e.source===s.contentWindow&&(s.removeAttribute(\"style\"),\"height\"===t.message?(1e3<(r=parseInt(t.value,10))?r=1e3:~~r<200&&(r=200),s.height=r):\"link\"===t.message&&(r=new URL(s.getAttribute(\"src\")),n=new URL(t.value),c.test(n.protocol))&&n.host===r.host&&l.activeElement===s&&(d.top.location.href=t.value))}},d.addEventListener(\"message\",d.wp.receiveEmbedMessage,!1),l.addEventListener(\"DOMContentLoaded\",function(){for(var e,t,s=l.querySelectorAll(\"iframe.wp-embedded-content\"),r=0;r<s.length;r++)(t=(e=s[r]).getAttribute(\"data-secret\"))||(t=Math.random().toString(36).substring(2,12),e.src+=\"#?secret=\"+t,e.setAttribute(\"data-secret\",t)),e.contentWindow.postMessage({message:\"ready\",secret:t},\"*\")},!1)))}(window,document);\n\/* ]]> *\/\n<\/script>\n","thumbnail_url":"https:\/\/tvsensor.com\/wp-content\/uploads\/2019\/08\/Muhamed-Besic.jpg","thumbnail_width":760,"thumbnail_height":475,"description":"Muhamed Be\u0161i\u0107 je poslije dvije sedmice boravka u Sheffield Unitedu u sino\u0107njem duelu protiv Blackburna u Carabao cupu dobio priliku da debituje za &#8221;O\u0161trice&#8221;. Odigrao je bh. reprezentativac jako dobar me\u010d, a svojom borbeno\u0161\u0107u je odu\u0161evio sve navija\u010de kluba sa Bramal Lanea. Odu\u0161evljeni su, o\u010digledno, i u klubu, pa su na Twitteru objavili video naslova [&hellip;]"}