{"version":"1.0","provider_name":"TVSensor","provider_url":"https:\/\/tvsensor.com","title":"Udru\u017eenje \u201c\u017dene Srebrenice\u201d: Neka Mladi\u0107 \u017eivi u patnji","type":"rich","width":600,"height":338,"html":"<blockquote class=\"wp-embedded-content\" data-secret=\"miKVVVDcuG\"><a href=\"https:\/\/tvsensor.com\/clanak\/udruzenje-zene-srebrenice-neka-mladic-zivi-u-patnji\/\">Udru\u017eenje \u201c\u017dene Srebrenice\u201d: Neka Mladi\u0107 \u017eivi u patnji<\/a><\/blockquote><iframe sandbox=\"allow-scripts\" security=\"restricted\" src=\"https:\/\/tvsensor.com\/clanak\/udruzenje-zene-srebrenice-neka-mladic-zivi-u-patnji\/embed\/#?secret=miKVVVDcuG\" width=\"600\" height=\"338\" title=\"&#8220;Udru\u017eenje \u201c\u017dene Srebrenice\u201d: Neka Mladi\u0107 \u017eivi u patnji&#8221; &#8212; TVSensor\" data-secret=\"miKVVVDcuG\" frameborder=\"0\" marginwidth=\"0\" marginheight=\"0\" scrolling=\"no\" class=\"wp-embedded-content\"><\/iframe><script type=\"text\/javascript\">\n\/* <![CDATA[ *\/\n\/*! This file is auto-generated *\/\n!function(d,l){\"use strict\";l.querySelector&&d.addEventListener&&\"undefined\"!=typeof URL&&(d.wp=d.wp||{},d.wp.receiveEmbedMessage||(d.wp.receiveEmbedMessage=function(e){var t=e.data;if((t||t.secret||t.message||t.value)&&!\/[^a-zA-Z0-9]\/.test(t.secret)){for(var s,r,n,a=l.querySelectorAll('iframe[data-secret=\"'+t.secret+'\"]'),o=l.querySelectorAll('blockquote[data-secret=\"'+t.secret+'\"]'),c=new RegExp(\"^https?:$\",\"i\"),i=0;i<o.length;i++)o[i].style.display=\"none\";for(i=0;i<a.length;i++)s=a[i],e.source===s.contentWindow&&(s.removeAttribute(\"style\"),\"height\"===t.message?(1e3<(r=parseInt(t.value,10))?r=1e3:~~r<200&&(r=200),s.height=r):\"link\"===t.message&&(r=new URL(s.getAttribute(\"src\")),n=new URL(t.value),c.test(n.protocol))&&n.host===r.host&&l.activeElement===s&&(d.top.location.href=t.value))}},d.addEventListener(\"message\",d.wp.receiveEmbedMessage,!1),l.addEventListener(\"DOMContentLoaded\",function(){for(var e,t,s=l.querySelectorAll(\"iframe.wp-embedded-content\"),r=0;r<s.length;r++)(t=(e=s[r]).getAttribute(\"data-secret\"))||(t=Math.random().toString(36).substring(2,12),e.src+=\"#?secret=\"+t,e.setAttribute(\"data-secret\",t)),e.contentWindow.postMessage({message:\"ready\",secret:t},\"*\")},!1)))}(window,document);\n\/* ]]> *\/\n<\/script>\n","thumbnail_url":"https:\/\/tvsensor.com\/wp-content\/uploads\/2021\/06\/thumbs_b_c_661a7adbf9311fd85d50740a9d88d7e0.jpg","thumbnail_width":863,"thumbnail_height":486,"description":"U Udru\u017eenje \u201c\u017dene Srebrenice\u201d sa sjedi\u0161tem u Tuzli pratilo se izricanje kona\u010dne presude Ratku Mladi\u0107u, komandantu tzv. vojske republike srpke, koga je danas \u017dalbeno vije\u0107e Me\u0111unarodnog rezidualnog mehanizma za krivi\u010dne sudove osudilo na do\u017eivotnu kaznu zatvora, \u010dime je potvr\u0111ena prvostepena presuda od 22. novembra 2017. godine. Time je Mladi\u0107 pravosna\u017eno osu\u0111en za genocid u Srebrenici [&hellip;]"}