{"version":"1.0","provider_name":"TVSensor","provider_url":"https:\/\/tvsensor.com","title":"Po\u010dast nevinim \u017ertvama: Vije\u0107nica osvijetljena Cvijetom Srebrenice","type":"rich","width":600,"height":338,"html":"<blockquote class=\"wp-embedded-content\" data-secret=\"Zcmr8bmUtL\"><a href=\"https:\/\/tvsensor.com\/clanak\/pocast-nevinim-zrtvama-vijecnica-osvijetljena-cvijetom-srebrenice\/\">Po\u010dast nevinim \u017ertvama: Vije\u0107nica osvijetljena Cvijetom Srebrenice<\/a><\/blockquote><iframe sandbox=\"allow-scripts\" security=\"restricted\" src=\"https:\/\/tvsensor.com\/clanak\/pocast-nevinim-zrtvama-vijecnica-osvijetljena-cvijetom-srebrenice\/embed\/#?secret=Zcmr8bmUtL\" width=\"600\" height=\"338\" title=\"&#8220;Po\u010dast nevinim \u017ertvama: Vije\u0107nica osvijetljena Cvijetom Srebrenice&#8221; &#8212; TVSensor\" data-secret=\"Zcmr8bmUtL\" frameborder=\"0\" marginwidth=\"0\" marginheight=\"0\" scrolling=\"no\" class=\"wp-embedded-content\"><\/iframe><script type=\"text\/javascript\">\n\/* <![CDATA[ *\/\n\/*! This file is auto-generated *\/\n!function(d,l){\"use strict\";l.querySelector&&d.addEventListener&&\"undefined\"!=typeof URL&&(d.wp=d.wp||{},d.wp.receiveEmbedMessage||(d.wp.receiveEmbedMessage=function(e){var t=e.data;if((t||t.secret||t.message||t.value)&&!\/[^a-zA-Z0-9]\/.test(t.secret)){for(var s,r,n,a=l.querySelectorAll('iframe[data-secret=\"'+t.secret+'\"]'),o=l.querySelectorAll('blockquote[data-secret=\"'+t.secret+'\"]'),c=new RegExp(\"^https?:$\",\"i\"),i=0;i<o.length;i++)o[i].style.display=\"none\";for(i=0;i<a.length;i++)s=a[i],e.source===s.contentWindow&&(s.removeAttribute(\"style\"),\"height\"===t.message?(1e3<(r=parseInt(t.value,10))?r=1e3:~~r<200&&(r=200),s.height=r):\"link\"===t.message&&(r=new URL(s.getAttribute(\"src\")),n=new URL(t.value),c.test(n.protocol))&&n.host===r.host&&l.activeElement===s&&(d.top.location.href=t.value))}},d.addEventListener(\"message\",d.wp.receiveEmbedMessage,!1),l.addEventListener(\"DOMContentLoaded\",function(){for(var e,t,s=l.querySelectorAll(\"iframe.wp-embedded-content\"),r=0;r<s.length;r++)(t=(e=s[r]).getAttribute(\"data-secret\"))||(t=Math.random().toString(36).substring(2,12),e.src+=\"#?secret=\"+t,e.setAttribute(\"data-secret\",t)),e.contentWindow.postMessage({message:\"ready\",secret:t},\"*\")},!1)))}(window,document);\n\/* ]]> *\/\n<\/script>\n","thumbnail_url":"https:\/\/tvsensor.com\/wp-content\/uploads\/2021\/06\/thumbs_b_c_17ab30232afffd053af730232b8cecf0.jpg","thumbnail_width":864,"thumbnail_height":485,"description":"Povodom ju\u010dera\u0161njeg izricanja kona\u010dne presude ratnom zlo\u010dincu Ratku Mladi\u0107u, sarajevska Vije\u0107nica sino\u0107 je simboli\u010dno osvijetljena Cvijetom Srebrenice. Gradona\u010delnica Sarajeva Benjamina Kari\u0107 podsjetila je da je ju\u010der iz Vije\u0107nice javno pra\u0107eno izricanje drugostepene presude Ratku Mladi\u0107u pred Me\u0111unarodnim rezidualnim mehanizmom za krivi\u010dne sudove u Haagu. &#8220;Vije\u0107nica ve\u010deras, \u010dini se vi\u0161e nego ikad, svijetli dostojanstvom. S vjerom [&hellip;]"}