{"version":"1.0","provider_name":"TVSensor","provider_url":"https:\/\/tvsensor.com","title":"Mjere zabrane kretanja i obaveznog no\u0161enja maski su neustavne","type":"rich","width":600,"height":338,"html":"<blockquote class=\"wp-embedded-content\" data-secret=\"We1V30lw09\"><a href=\"https:\/\/tvsensor.com\/clanak\/mjere-zabrane-kretanja-i-obaveznog-nosenja-maski-su-neustavne\/\">Mjere zabrane kretanja i obaveznog no\u0161enja maski su neustavne<\/a><\/blockquote><iframe sandbox=\"allow-scripts\" security=\"restricted\" src=\"https:\/\/tvsensor.com\/clanak\/mjere-zabrane-kretanja-i-obaveznog-nosenja-maski-su-neustavne\/embed\/#?secret=We1V30lw09\" width=\"600\" height=\"338\" title=\"&#8220;Mjere zabrane kretanja i obaveznog no\u0161enja maski su neustavne&#8221; &#8212; TVSensor\" data-secret=\"We1V30lw09\" frameborder=\"0\" marginwidth=\"0\" marginheight=\"0\" scrolling=\"no\" class=\"wp-embedded-content\"><\/iframe><script type=\"text\/javascript\">\n\/* <![CDATA[ *\/\n\/*! This file is auto-generated *\/\n!function(d,l){\"use strict\";l.querySelector&&d.addEventListener&&\"undefined\"!=typeof URL&&(d.wp=d.wp||{},d.wp.receiveEmbedMessage||(d.wp.receiveEmbedMessage=function(e){var t=e.data;if((t||t.secret||t.message||t.value)&&!\/[^a-zA-Z0-9]\/.test(t.secret)){for(var s,r,n,a=l.querySelectorAll('iframe[data-secret=\"'+t.secret+'\"]'),o=l.querySelectorAll('blockquote[data-secret=\"'+t.secret+'\"]'),c=new RegExp(\"^https?:$\",\"i\"),i=0;i<o.length;i++)o[i].style.display=\"none\";for(i=0;i<a.length;i++)s=a[i],e.source===s.contentWindow&&(s.removeAttribute(\"style\"),\"height\"===t.message?(1e3<(r=parseInt(t.value,10))?r=1e3:~~r<200&&(r=200),s.height=r):\"link\"===t.message&&(r=new URL(s.getAttribute(\"src\")),n=new URL(t.value),c.test(n.protocol))&&n.host===r.host&&l.activeElement===s&&(d.top.location.href=t.value))}},d.addEventListener(\"message\",d.wp.receiveEmbedMessage,!1),l.addEventListener(\"DOMContentLoaded\",function(){for(var e,t,s=l.querySelectorAll(\"iframe.wp-embedded-content\"),r=0;r<s.length;r++)(t=(e=s[r]).getAttribute(\"data-secret\"))||(t=Math.random().toString(36).substring(2,12),e.src+=\"#?secret=\"+t,e.setAttribute(\"data-secret\",t)),e.contentWindow.postMessage({message:\"ready\",secret:t},\"*\")},!1)))}(window,document);\n\/* ]]> *\/\n<\/script>\n","thumbnail_url":"https:\/\/tvsensor.com\/wp-content\/uploads\/2020\/12\/Screenshot-2020-12-23-075815.jpg","thumbnail_width":876,"thumbnail_height":545,"description":"Ustavni sud Bosne i Hercegovine je danas odr\u017eao sjednicu na kojoj je donesena odluka da mjera ograni\u010dena kretanja i no\u0161enja maski tokom pandemije koronavirusa predstavlja kr\u0161enje osnovnih ljudskih prava. Elektronskim putem je danas odr\u017eana redovna 120. sjednica Velikog vije\u0107a Ustavnog suda Bosne i Hercegovine. Doneseno je nekoliko odluka, a ona najrelevantnija za bh. javnost jeste [&hellip;]"}