{"version":"1.0","provider_name":"TVSensor","provider_url":"https:\/\/tvsensor.com","title":"Kom\u0161i\u0107: Dodik je razbojnik poput Mladi\u0107a","type":"rich","width":600,"height":338,"html":"<blockquote class=\"wp-embedded-content\" data-secret=\"7wzLURqnsH\"><a href=\"https:\/\/tvsensor.com\/clanak\/komsic-dodik-je-razbojnik-poput-mladica\/\">Kom\u0161i\u0107: Dodik je razbojnik poput Mladi\u0107a<\/a><\/blockquote><iframe sandbox=\"allow-scripts\" security=\"restricted\" src=\"https:\/\/tvsensor.com\/clanak\/komsic-dodik-je-razbojnik-poput-mladica\/embed\/#?secret=7wzLURqnsH\" width=\"600\" height=\"338\" title=\"&#8220;Kom\u0161i\u0107: Dodik je razbojnik poput Mladi\u0107a&#8221; &#8212; TVSensor\" data-secret=\"7wzLURqnsH\" frameborder=\"0\" marginwidth=\"0\" marginheight=\"0\" scrolling=\"no\" class=\"wp-embedded-content\"><\/iframe><script type=\"text\/javascript\">\n\/* <![CDATA[ *\/\n\/*! This file is auto-generated *\/\n!function(d,l){\"use strict\";l.querySelector&&d.addEventListener&&\"undefined\"!=typeof URL&&(d.wp=d.wp||{},d.wp.receiveEmbedMessage||(d.wp.receiveEmbedMessage=function(e){var t=e.data;if((t||t.secret||t.message||t.value)&&!\/[^a-zA-Z0-9]\/.test(t.secret)){for(var s,r,n,a=l.querySelectorAll('iframe[data-secret=\"'+t.secret+'\"]'),o=l.querySelectorAll('blockquote[data-secret=\"'+t.secret+'\"]'),c=new RegExp(\"^https?:$\",\"i\"),i=0;i<o.length;i++)o[i].style.display=\"none\";for(i=0;i<a.length;i++)s=a[i],e.source===s.contentWindow&&(s.removeAttribute(\"style\"),\"height\"===t.message?(1e3<(r=parseInt(t.value,10))?r=1e3:~~r<200&&(r=200),s.height=r):\"link\"===t.message&&(r=new URL(s.getAttribute(\"src\")),n=new URL(t.value),c.test(n.protocol))&&n.host===r.host&&l.activeElement===s&&(d.top.location.href=t.value))}},d.addEventListener(\"message\",d.wp.receiveEmbedMessage,!1),l.addEventListener(\"DOMContentLoaded\",function(){for(var e,t,s=l.querySelectorAll(\"iframe.wp-embedded-content\"),r=0;r<s.length;r++)(t=(e=s[r]).getAttribute(\"data-secret\"))||(t=Math.random().toString(36).substring(2,12),e.src+=\"#?secret=\"+t,e.setAttribute(\"data-secret\",t)),e.contentWindow.postMessage({message:\"ready\",secret:t},\"*\")},!1)))}(window,document);\n\/* ]]> *\/\n<\/script>\n","thumbnail_url":"https:\/\/tvsensor.com\/wp-content\/uploads\/2021\/06\/komsic-dodik.jpg","thumbnail_width":1024,"thumbnail_height":768,"description":"\u010clan Predsjedni\u0161tva Bosne i Hercegovine \u017deljko Kom\u0161i\u0107 komentirao je poku\u0161aj Milorada Dodika da sprije\u010di govor ambasadora Svena Alkalaja pred Vije\u0107em sigurnosti UN-a. Dodik je, podsje\u0107amo, poku\u0161ao sprije\u010diti Alkalajev govor, kazav\u0161i da se mani bh. entitet tome protivi, jer bi to, navodno, moglo dovesti do velikih organizacionih problema na sino\u0107njoj sjednici. \u2013 Srpski narod, Republiku srpsku [&hellip;]"}