{"version":"1.0","provider_name":"TVSensor","provider_url":"https:\/\/tvsensor.com","title":"Holandija tra\u017ei suspenziju viza Albancima","type":"rich","width":600,"height":338,"html":"<blockquote class=\"wp-embedded-content\" data-secret=\"qGW3keit7M\"><a href=\"https:\/\/tvsensor.com\/clanak\/holandija-trazi-suspenziju-viza-albancima\/\">Holandija tra\u017ei suspenziju viza Albancima<\/a><\/blockquote><iframe sandbox=\"allow-scripts\" security=\"restricted\" src=\"https:\/\/tvsensor.com\/clanak\/holandija-trazi-suspenziju-viza-albancima\/embed\/#?secret=qGW3keit7M\" width=\"600\" height=\"338\" title=\"&#8220;Holandija tra\u017ei suspenziju viza Albancima&#8221; &#8212; TVSensor\" data-secret=\"qGW3keit7M\" frameborder=\"0\" marginwidth=\"0\" marginheight=\"0\" scrolling=\"no\" class=\"wp-embedded-content\"><\/iframe><script type=\"text\/javascript\">\n\/* <![CDATA[ *\/\n\/*! This file is auto-generated *\/\n!function(d,l){\"use strict\";l.querySelector&&d.addEventListener&&\"undefined\"!=typeof URL&&(d.wp=d.wp||{},d.wp.receiveEmbedMessage||(d.wp.receiveEmbedMessage=function(e){var t=e.data;if((t||t.secret||t.message||t.value)&&!\/[^a-zA-Z0-9]\/.test(t.secret)){for(var s,r,n,a=l.querySelectorAll('iframe[data-secret=\"'+t.secret+'\"]'),o=l.querySelectorAll('blockquote[data-secret=\"'+t.secret+'\"]'),c=new RegExp(\"^https?:$\",\"i\"),i=0;i<o.length;i++)o[i].style.display=\"none\";for(i=0;i<a.length;i++)s=a[i],e.source===s.contentWindow&&(s.removeAttribute(\"style\"),\"height\"===t.message?(1e3<(r=parseInt(t.value,10))?r=1e3:~~r<200&&(r=200),s.height=r):\"link\"===t.message&&(r=new URL(s.getAttribute(\"src\")),n=new URL(t.value),c.test(n.protocol))&&n.host===r.host&&l.activeElement===s&&(d.top.location.href=t.value))}},d.addEventListener(\"message\",d.wp.receiveEmbedMessage,!1),l.addEventListener(\"DOMContentLoaded\",function(){for(var e,t,s=l.querySelectorAll(\"iframe.wp-embedded-content\"),r=0;r<s.length;r++)(t=(e=s[r]).getAttribute(\"data-secret\"))||(t=Math.random().toString(36).substring(2,12),e.src+=\"#?secret=\"+t,e.setAttribute(\"data-secret\",t)),e.contentWindow.postMessage({message:\"ready\",secret:t},\"*\")},!1)))}(window,document);\n\/* ]]> *\/\n<\/script>\n","thumbnail_url":"https:\/\/tvsensor.com\/wp-content\/uploads\/2019\/06\/8917146B-E9BC-407F-B66E-26EBD7BA11C2_w1023_r1_s.jpg","thumbnail_width":1023,"thumbnail_height":575,"description":"Holandija je poslala zvani\u010dno obavje\u0161tenje Evropskoj komisiji da \u017eeli da pokrene mehanizam suspenzije viza za Albaniju, potvr\u0111eno je u ovoj instituciji, prenosi Radio Slobodna Evropa. Natasha Bertaud, portparolka Evropske komisije je naglasila da \u0107e Komisija \u201cpa\u017eljivo razmotriti sadr\u017eaj obavje\u0161tenja, na osnovu relevantnih informacija\u201d. \u201cEvropska komisija \u0107e sada obavijestiti Savjet ministara i Evropski parlament I obavijest [&hellip;]"}