{"version":"1.0","provider_name":"TVSensor","provider_url":"https:\/\/tvsensor.com","title":"Hahn: Vrijeme je da se zapadni Balkan pridru\u017ei EU","type":"rich","width":600,"height":338,"html":"<blockquote class=\"wp-embedded-content\" data-secret=\"UPdxQtyKVL\"><a href=\"https:\/\/tvsensor.com\/clanak\/hahn-vrijeme-je-da-se-zapadni-balkan-pridruzi-eu\/\">Hahn: Vrijeme je da se zapadni Balkan pridru\u017ei EU<\/a><\/blockquote><iframe sandbox=\"allow-scripts\" security=\"restricted\" src=\"https:\/\/tvsensor.com\/clanak\/hahn-vrijeme-je-da-se-zapadni-balkan-pridruzi-eu\/embed\/#?secret=UPdxQtyKVL\" width=\"600\" height=\"338\" title=\"&#8220;Hahn: Vrijeme je da se zapadni Balkan pridru\u017ei EU&#8221; &#8212; TVSensor\" data-secret=\"UPdxQtyKVL\" frameborder=\"0\" marginwidth=\"0\" marginheight=\"0\" scrolling=\"no\" class=\"wp-embedded-content\"><\/iframe><script type=\"text\/javascript\">\n\/* <![CDATA[ *\/\n\/*! This file is auto-generated *\/\n!function(d,l){\"use strict\";l.querySelector&&d.addEventListener&&\"undefined\"!=typeof URL&&(d.wp=d.wp||{},d.wp.receiveEmbedMessage||(d.wp.receiveEmbedMessage=function(e){var t=e.data;if((t||t.secret||t.message||t.value)&&!\/[^a-zA-Z0-9]\/.test(t.secret)){for(var s,r,n,a=l.querySelectorAll('iframe[data-secret=\"'+t.secret+'\"]'),o=l.querySelectorAll('blockquote[data-secret=\"'+t.secret+'\"]'),c=new RegExp(\"^https?:$\",\"i\"),i=0;i<o.length;i++)o[i].style.display=\"none\";for(i=0;i<a.length;i++)s=a[i],e.source===s.contentWindow&&(s.removeAttribute(\"style\"),\"height\"===t.message?(1e3<(r=parseInt(t.value,10))?r=1e3:~~r<200&&(r=200),s.height=r):\"link\"===t.message&&(r=new URL(s.getAttribute(\"src\")),n=new URL(t.value),c.test(n.protocol))&&n.host===r.host&&l.activeElement===s&&(d.top.location.href=t.value))}},d.addEventListener(\"message\",d.wp.receiveEmbedMessage,!1),l.addEventListener(\"DOMContentLoaded\",function(){for(var e,t,s=l.querySelectorAll(\"iframe.wp-embedded-content\"),r=0;r<s.length;r++)(t=(e=s[r]).getAttribute(\"data-secret\"))||(t=Math.random().toString(36).substring(2,12),e.src+=\"#?secret=\"+t,e.setAttribute(\"data-secret\",t)),e.contentWindow.postMessage({message:\"ready\",secret:t},\"*\")},!1)))}(window,document);\n\/* ]]> *\/\n<\/script>\n","thumbnail_url":"https:\/\/tvsensor.com\/wp-content\/uploads\/2019\/05\/Johannes_Hahn06.jpg","thumbnail_width":750,"thumbnail_height":450,"description":"Povjerenik Europske unije za pro\u0161irenje Johannes Hahn smatra da je do\u0161lo vrijeme da se integracijom zapadnog Balkana dovr\u0161i proces ujedinjenja Europe. Hahn je to napisao na Twitter nalogu u povodu obilje\u017eavanja 15 godina od prijema u EU deset zemalja srednje i isto\u010dne Europe, dodaju\u0107i da je to ambiciozan projekt zasnovan na &#8220;zajedni\u010dkim naporima i zajedni\u010dkoj [&hellip;]"}