{"version":"1.0","provider_name":"TVSensor","provider_url":"https:\/\/tvsensor.com","title":"Dodik 'zaboravlja' odredbu o dodatnim nadle\u017enostima institucija BiH","type":"rich","width":600,"height":338,"html":"<blockquote class=\"wp-embedded-content\" data-secret=\"ipL7dQH2ek\"><a href=\"https:\/\/tvsensor.com\/clanak\/dodik-zaboravlja-odredbu-o-dodatnim-nadleznostima-institucija-bih\/\">Dodik &#8216;zaboravlja&#8217; odredbu o dodatnim nadle\u017enostima institucija BiH<\/a><\/blockquote><iframe sandbox=\"allow-scripts\" security=\"restricted\" src=\"https:\/\/tvsensor.com\/clanak\/dodik-zaboravlja-odredbu-o-dodatnim-nadleznostima-institucija-bih\/embed\/#?secret=ipL7dQH2ek\" width=\"600\" height=\"338\" title=\"&#8220;Dodik &#8216;zaboravlja&#8217; odredbu o dodatnim nadle\u017enostima institucija BiH&#8221; &#8212; TVSensor\" data-secret=\"ipL7dQH2ek\" frameborder=\"0\" marginwidth=\"0\" marginheight=\"0\" scrolling=\"no\" class=\"wp-embedded-content\"><\/iframe><script type=\"text\/javascript\">\n\/* <![CDATA[ *\/\n\/*! This file is auto-generated *\/\n!function(d,l){\"use strict\";l.querySelector&&d.addEventListener&&\"undefined\"!=typeof URL&&(d.wp=d.wp||{},d.wp.receiveEmbedMessage||(d.wp.receiveEmbedMessage=function(e){var t=e.data;if((t||t.secret||t.message||t.value)&&!\/[^a-zA-Z0-9]\/.test(t.secret)){for(var s,r,n,a=l.querySelectorAll('iframe[data-secret=\"'+t.secret+'\"]'),o=l.querySelectorAll('blockquote[data-secret=\"'+t.secret+'\"]'),c=new RegExp(\"^https?:$\",\"i\"),i=0;i<o.length;i++)o[i].style.display=\"none\";for(i=0;i<a.length;i++)s=a[i],e.source===s.contentWindow&&(s.removeAttribute(\"style\"),\"height\"===t.message?(1e3<(r=parseInt(t.value,10))?r=1e3:~~r<200&&(r=200),s.height=r):\"link\"===t.message&&(r=new URL(s.getAttribute(\"src\")),n=new URL(t.value),c.test(n.protocol))&&n.host===r.host&&l.activeElement===s&&(d.top.location.href=t.value))}},d.addEventListener(\"message\",d.wp.receiveEmbedMessage,!1),l.addEventListener(\"DOMContentLoaded\",function(){for(var e,t,s=l.querySelectorAll(\"iframe.wp-embedded-content\"),r=0;r<s.length;r++)(t=(e=s[r]).getAttribute(\"data-secret\"))||(t=Math.random().toString(36).substring(2,12),e.src+=\"#?secret=\"+t,e.setAttribute(\"data-secret\",t)),e.contentWindow.postMessage({message:\"ready\",secret:t},\"*\")},!1)))}(window,document);\n\/* ]]> *\/\n<\/script>\n","thumbnail_url":"https:\/\/tvsensor.com\/wp-content\/uploads\/2019\/11\/suad-kurtcehajic-dokad-ce-medunarodna-zajednica-trpjeti-dodikovo-negiranje-bih-e1618539330659.jpg","thumbnail_width":517,"thumbnail_height":315,"description":"Forum bo\u0161nja\u010dkih intelektualaca odr\u017eao je danas konferenciju za novinare pod nazivom &#8220;Dodatne nadle\u017enosti institucija dr\u017eave BiH su slovo Dejtona&#8221;, povodom najave \u010dlana Predsjedni\u0161tva BiH Milorada Dodika da \u0107e na posebnoj sjednici Narodne skup\u0161tine Republike Srpske biti predlo\u017eeno odbacivanje bonskih ovlasti visokog predsjednika. Akademik prof.dr. Suad Kurt\u0107ehaji\u0107 je naglasio da na taj na\u010din Dodik \u017eeli entitetima [&hellip;]"}