{"version":"1.0","provider_name":"TVSensor","provider_url":"https:\/\/tvsensor.com","title":"Dodik i D\u017eaferovi\u0107 u Tirani: Pobolj\u0161ati saradnju dvije zemlje","type":"rich","width":600,"height":338,"html":"<blockquote class=\"wp-embedded-content\" data-secret=\"Pc0kwNYLKs\"><a href=\"https:\/\/tvsensor.com\/clanak\/dodik-i-dzaferovic-u-tirani-poboljsati-saradnju-dvije-zemlje\/\">Dodik i D\u017eaferovi\u0107 u Tirani: Pobolj\u0161ati saradnju dvije zemlje<\/a><\/blockquote><iframe sandbox=\"allow-scripts\" security=\"restricted\" src=\"https:\/\/tvsensor.com\/clanak\/dodik-i-dzaferovic-u-tirani-poboljsati-saradnju-dvije-zemlje\/embed\/#?secret=Pc0kwNYLKs\" width=\"600\" height=\"338\" title=\"&#8220;Dodik i D\u017eaferovi\u0107 u Tirani: Pobolj\u0161ati saradnju dvije zemlje&#8221; &#8212; TVSensor\" data-secret=\"Pc0kwNYLKs\" frameborder=\"0\" marginwidth=\"0\" marginheight=\"0\" scrolling=\"no\" class=\"wp-embedded-content\"><\/iframe><script type=\"text\/javascript\">\n\/* <![CDATA[ *\/\n\/*! This file is auto-generated *\/\n!function(d,l){\"use strict\";l.querySelector&&d.addEventListener&&\"undefined\"!=typeof URL&&(d.wp=d.wp||{},d.wp.receiveEmbedMessage||(d.wp.receiveEmbedMessage=function(e){var t=e.data;if((t||t.secret||t.message||t.value)&&!\/[^a-zA-Z0-9]\/.test(t.secret)){for(var s,r,n,a=l.querySelectorAll('iframe[data-secret=\"'+t.secret+'\"]'),o=l.querySelectorAll('blockquote[data-secret=\"'+t.secret+'\"]'),c=new RegExp(\"^https?:$\",\"i\"),i=0;i<o.length;i++)o[i].style.display=\"none\";for(i=0;i<a.length;i++)s=a[i],e.source===s.contentWindow&&(s.removeAttribute(\"style\"),\"height\"===t.message?(1e3<(r=parseInt(t.value,10))?r=1e3:~~r<200&&(r=200),s.height=r):\"link\"===t.message&&(r=new URL(s.getAttribute(\"src\")),n=new URL(t.value),c.test(n.protocol))&&n.host===r.host&&l.activeElement===s&&(d.top.location.href=t.value))}},d.addEventListener(\"message\",d.wp.receiveEmbedMessage,!1),l.addEventListener(\"DOMContentLoaded\",function(){for(var e,t,s=l.querySelectorAll(\"iframe.wp-embedded-content\"),r=0;r<s.length;r++)(t=(e=s[r]).getAttribute(\"data-secret\"))||(t=Math.random().toString(36).substring(2,12),e.src+=\"#?secret=\"+t,e.setAttribute(\"data-secret\",t)),e.contentWindow.postMessage({message:\"ready\",secret:t},\"*\")},!1)))}(window,document);\n\/* ]]> *\/\n<\/script>\n","thumbnail_url":"https:\/\/tvsensor.com\/wp-content\/uploads\/2019\/05\/albanija_dodik_dzaferovic_fena.jpg","thumbnail_width":1180,"thumbnail_height":708,"description":"Predsjedavaju\u0107i Predsjedni\u0161tva BiH\u00a0Milorad Dodik\u00a0i \u010dlan Predsjedni\u0161tva BiH\u00a0\u0160efik D\u017eaferovi\u0107\u00a0sastali su se u Tirani s doma\u0107inom ovogodi\u0161njeg susreta lidera Brdo &#8211; Brijuni procesa predsjednikom Republike Albanije\u00a0Ilirom Metom. Sagovornici su se slo\u017eili da su ukupni odnosi izme\u0111u dvije zemlje dobri, bez otvorenih pitanja, te da postoji obostrana \u017eelja za njihovim unapre\u0111enjem. Otvaranje ambasade Bosne i Herecgovine u Albaniji, [&hellip;]"}