{"version":"1.0","provider_name":"TVSensor","provider_url":"https:\/\/tvsensor.com","title":"\u201cDjeca boraca Srebrenice\u201c u\u010desnici Mar\u0161a mira 2021","type":"rich","width":600,"height":338,"html":"<blockquote class=\"wp-embedded-content\" data-secret=\"kUYe8ZObIQ\"><a href=\"https:\/\/tvsensor.com\/clanak\/djeca-boraca-srebrenice-ucesnici-marsa-mira-2021\/\">\u201cDjeca boraca Srebrenice\u201c u\u010desnici Mar\u0161a mira 2021<\/a><\/blockquote><iframe sandbox=\"allow-scripts\" security=\"restricted\" src=\"https:\/\/tvsensor.com\/clanak\/djeca-boraca-srebrenice-ucesnici-marsa-mira-2021\/embed\/#?secret=kUYe8ZObIQ\" width=\"600\" height=\"338\" title=\"&#8220;\u201cDjeca boraca Srebrenice\u201c u\u010desnici Mar\u0161a mira 2021&#8221; &#8212; TVSensor\" data-secret=\"kUYe8ZObIQ\" frameborder=\"0\" marginwidth=\"0\" marginheight=\"0\" scrolling=\"no\" class=\"wp-embedded-content\"><\/iframe><script type=\"text\/javascript\">\n\/* <![CDATA[ *\/\n\/*! This file is auto-generated *\/\n!function(d,l){\"use strict\";l.querySelector&&d.addEventListener&&\"undefined\"!=typeof URL&&(d.wp=d.wp||{},d.wp.receiveEmbedMessage||(d.wp.receiveEmbedMessage=function(e){var t=e.data;if((t||t.secret||t.message||t.value)&&!\/[^a-zA-Z0-9]\/.test(t.secret)){for(var s,r,n,a=l.querySelectorAll('iframe[data-secret=\"'+t.secret+'\"]'),o=l.querySelectorAll('blockquote[data-secret=\"'+t.secret+'\"]'),c=new RegExp(\"^https?:$\",\"i\"),i=0;i<o.length;i++)o[i].style.display=\"none\";for(i=0;i<a.length;i++)s=a[i],e.source===s.contentWindow&&(s.removeAttribute(\"style\"),\"height\"===t.message?(1e3<(r=parseInt(t.value,10))?r=1e3:~~r<200&&(r=200),s.height=r):\"link\"===t.message&&(r=new URL(s.getAttribute(\"src\")),n=new URL(t.value),c.test(n.protocol))&&n.host===r.host&&l.activeElement===s&&(d.top.location.href=t.value))}},d.addEventListener(\"message\",d.wp.receiveEmbedMessage,!1),l.addEventListener(\"DOMContentLoaded\",function(){for(var e,t,s=l.querySelectorAll(\"iframe.wp-embedded-content\"),r=0;r<s.length;r++)(t=(e=s[r]).getAttribute(\"data-secret\"))||(t=Math.random().toString(36).substring(2,12),e.src+=\"#?secret=\"+t,e.setAttribute(\"data-secret\",t)),e.contentWindow.postMessage({message:\"ready\",secret:t},\"*\")},!1)))}(window,document);\n\/* ]]> *\/\n<\/script>\n","thumbnail_url":"https:\/\/tvsensor.com\/wp-content\/uploads\/2021\/07\/206565938_4028901057159581_8710490583114090059_n.jpg","thumbnail_width":960,"thumbnail_height":542,"description":"U Mar\u0161u mira 2021., po prvi put organizovano, svoje u\u010de\u0161\u0107e uzela su i \u201cDjeca boraca Srebrenice\u201c.Ideja o ovoj grupi pod nazivom \u201cDjeca boraca Srebrenice\u201c rodila se na pro\u0161logodi\u0161njem Mr\u0161u mira.Kada starije generacije pre\u017eivjelih ne budu mogle hodati trasom od Nezuka do Poto\u010dara da to preuzmu \u201cDjeca boraca Srebrenice\u201d, kazao nam je jedan od u\u010desnika."}