{"version":"1.0","provider_name":"TVSensor","provider_url":"https:\/\/tvsensor.com","title":"\u010clanovi Predsjedni\u0161tva BiH primili ministra vanjskih poslova Gr\u010dke","type":"rich","width":600,"height":338,"html":"<blockquote class=\"wp-embedded-content\" data-secret=\"ZHIgYZJU6N\"><a href=\"https:\/\/tvsensor.com\/clanak\/clanovi-predsjednistva-bih-primili-ministra-vanjskih-poslova-grcke\/\">\u010clanovi Predsjedni\u0161tva BiH primili ministra vanjskih poslova Gr\u010dke<\/a><\/blockquote><iframe sandbox=\"allow-scripts\" security=\"restricted\" src=\"https:\/\/tvsensor.com\/clanak\/clanovi-predsjednistva-bih-primili-ministra-vanjskih-poslova-grcke\/embed\/#?secret=ZHIgYZJU6N\" width=\"600\" height=\"338\" title=\"&#8220;\u010clanovi Predsjedni\u0161tva BiH primili ministra vanjskih poslova Gr\u010dke&#8221; &#8212; TVSensor\" data-secret=\"ZHIgYZJU6N\" frameborder=\"0\" marginwidth=\"0\" marginheight=\"0\" scrolling=\"no\" class=\"wp-embedded-content\"><\/iframe><script type=\"text\/javascript\">\n\/* <![CDATA[ *\/\n\/*! This file is auto-generated *\/\n!function(d,l){\"use strict\";l.querySelector&&d.addEventListener&&\"undefined\"!=typeof URL&&(d.wp=d.wp||{},d.wp.receiveEmbedMessage||(d.wp.receiveEmbedMessage=function(e){var t=e.data;if((t||t.secret||t.message||t.value)&&!\/[^a-zA-Z0-9]\/.test(t.secret)){for(var s,r,n,a=l.querySelectorAll('iframe[data-secret=\"'+t.secret+'\"]'),o=l.querySelectorAll('blockquote[data-secret=\"'+t.secret+'\"]'),c=new RegExp(\"^https?:$\",\"i\"),i=0;i<o.length;i++)o[i].style.display=\"none\";for(i=0;i<a.length;i++)s=a[i],e.source===s.contentWindow&&(s.removeAttribute(\"style\"),\"height\"===t.message?(1e3<(r=parseInt(t.value,10))?r=1e3:~~r<200&&(r=200),s.height=r):\"link\"===t.message&&(r=new URL(s.getAttribute(\"src\")),n=new URL(t.value),c.test(n.protocol))&&n.host===r.host&&l.activeElement===s&&(d.top.location.href=t.value))}},d.addEventListener(\"message\",d.wp.receiveEmbedMessage,!1),l.addEventListener(\"DOMContentLoaded\",function(){for(var e,t,s=l.querySelectorAll(\"iframe.wp-embedded-content\"),r=0;r<s.length;r++)(t=(e=s[r]).getAttribute(\"data-secret\"))||(t=Math.random().toString(36).substring(2,12),e.src+=\"#?secret=\"+t,e.setAttribute(\"data-secret\",t)),e.contentWindow.postMessage({message:\"ready\",secret:t},\"*\")},!1)))}(window,document);\n\/* ]]> *\/\n<\/script>\n","thumbnail_url":"https:\/\/tvsensor.com\/wp-content\/uploads\/2021\/01\/acbf5aece41859fa569aa11711c0d3bc.jpg","thumbnail_width":800,"thumbnail_height":529,"description":"Predsjedavaju\u0107i Predsjedni\u0161tva BiH Milorad Dodik i \u010dlanovi Predsjedni\u0161tva BiH \u017deljko Kom\u0161i\u0107 i \u0160efik D\u017eaferovi\u0107 primili su ministra vanjskih poslova Republike Gr\u010dke Nikosa Dendiasa. \u010clanovi Predsjedni\u0161tva BiH su ministru vanjskih poslova Republike Gr\u010dke i \u010dlanovima gr\u010dke delegacije po\u017eeljeli dobrodo\u0161licu, te izrazili \u017eelju za ja\u010danjem me\u0111usobnih veza u oblastima od zajedni\u010dkog interesa. Sagovornici su se slo\u017eili da [&hellip;]"}