{"version":"1.0","provider_name":"TVSensor","provider_url":"https:\/\/tvsensor.com","title":"Broji li Dodik posljednje mjesece u Predsjedni\u0161tvu BiH?","type":"rich","width":600,"height":338,"html":"<blockquote class=\"wp-embedded-content\" data-secret=\"0sKWVFkXhk\"><a href=\"https:\/\/tvsensor.com\/clanak\/broji-li-dodik-posljednje-mjesece-u-predsjednistvu-bih\/\">Broji li Dodik posljednje mjesece u Predsjedni\u0161tvu BiH?<\/a><\/blockquote><iframe sandbox=\"allow-scripts\" security=\"restricted\" src=\"https:\/\/tvsensor.com\/clanak\/broji-li-dodik-posljednje-mjesece-u-predsjednistvu-bih\/embed\/#?secret=0sKWVFkXhk\" width=\"600\" height=\"338\" title=\"&#8220;Broji li Dodik posljednje mjesece u Predsjedni\u0161tvu BiH?&#8221; &#8212; TVSensor\" data-secret=\"0sKWVFkXhk\" frameborder=\"0\" marginwidth=\"0\" marginheight=\"0\" scrolling=\"no\" class=\"wp-embedded-content\"><\/iframe><script type=\"text\/javascript\">\n\/* <![CDATA[ *\/\n\/*! This file is auto-generated *\/\n!function(d,l){\"use strict\";l.querySelector&&d.addEventListener&&\"undefined\"!=typeof URL&&(d.wp=d.wp||{},d.wp.receiveEmbedMessage||(d.wp.receiveEmbedMessage=function(e){var t=e.data;if((t||t.secret||t.message||t.value)&&!\/[^a-zA-Z0-9]\/.test(t.secret)){for(var s,r,n,a=l.querySelectorAll('iframe[data-secret=\"'+t.secret+'\"]'),o=l.querySelectorAll('blockquote[data-secret=\"'+t.secret+'\"]'),c=new RegExp(\"^https?:$\",\"i\"),i=0;i<o.length;i++)o[i].style.display=\"none\";for(i=0;i<a.length;i++)s=a[i],e.source===s.contentWindow&&(s.removeAttribute(\"style\"),\"height\"===t.message?(1e3<(r=parseInt(t.value,10))?r=1e3:~~r<200&&(r=200),s.height=r):\"link\"===t.message&&(r=new URL(s.getAttribute(\"src\")),n=new URL(t.value),c.test(n.protocol))&&n.host===r.host&&l.activeElement===s&&(d.top.location.href=t.value))}},d.addEventListener(\"message\",d.wp.receiveEmbedMessage,!1),l.addEventListener(\"DOMContentLoaded\",function(){for(var e,t,s=l.querySelectorAll(\"iframe.wp-embedded-content\"),r=0;r<s.length;r++)(t=(e=s[r]).getAttribute(\"data-secret\"))||(t=Math.random().toString(36).substring(2,12),e.src+=\"#?secret=\"+t,e.setAttribute(\"data-secret\",t)),e.contentWindow.postMessage({message:\"ready\",secret:t},\"*\")},!1)))}(window,document);\n\/* ]]> *\/\n<\/script>\n","thumbnail_url":"https:\/\/tvsensor.com\/wp-content\/uploads\/2019\/07\/dodik-schwarz-schilling-epa.jpg","thumbnail_width":770,"thumbnail_height":433,"description":"Profesionalni srbofob, paranoi\u010dni politi\u010dki parazit, me\u0111unarodni me\u0161etar, bo\u0161nja\u010dki lobist&#8230; To je za Milorada Dodika, aktuelnog predsjedavaju\u0107eg Predsjedni\u0161tva Bosne i Hercegovine, njema\u010dki\u00a0politi\u010dar i diplomata Christian Schwarz-Schilling. Ove izraze, eufemizme mr\u017enje, fobije\u00a0i paranoje, objavile su beogradske\u00a0Ve\u010dernje novosti3. jula ove godine\u00a0kao vijest, bez potpisa autora. Kombinovanjem upravnog i neupravnog govora,\u00a0Ve\u010dernje novosti\u00a0prenijele su \u2013 uslovno re\u010deno \u2013 demanti u [&hellip;]"}