{"version":"1.0","provider_name":"TVSensor","provider_url":"https:\/\/tvsensor.com","title":"Biden: SAD se vra\u0107aju Pariskom sporazumu o klimi","type":"rich","width":600,"height":338,"html":"<blockquote class=\"wp-embedded-content\" data-secret=\"dWxXWhAYHY\"><a href=\"https:\/\/tvsensor.com\/clanak\/biden-sad-se-vracaju-pariskom-sporazumu-o-klimi\/\">Biden: SAD se vra\u0107aju Pariskom sporazumu o klimi<\/a><\/blockquote><iframe sandbox=\"allow-scripts\" security=\"restricted\" src=\"https:\/\/tvsensor.com\/clanak\/biden-sad-se-vracaju-pariskom-sporazumu-o-klimi\/embed\/#?secret=dWxXWhAYHY\" width=\"600\" height=\"338\" title=\"&#8220;Biden: SAD se vra\u0107aju Pariskom sporazumu o klimi&#8221; &#8212; TVSensor\" data-secret=\"dWxXWhAYHY\" frameborder=\"0\" marginwidth=\"0\" marginheight=\"0\" scrolling=\"no\" class=\"wp-embedded-content\"><\/iframe><script type=\"text\/javascript\">\n\/* <![CDATA[ *\/\n\/*! This file is auto-generated *\/\n!function(d,l){\"use strict\";l.querySelector&&d.addEventListener&&\"undefined\"!=typeof URL&&(d.wp=d.wp||{},d.wp.receiveEmbedMessage||(d.wp.receiveEmbedMessage=function(e){var t=e.data;if((t||t.secret||t.message||t.value)&&!\/[^a-zA-Z0-9]\/.test(t.secret)){for(var s,r,n,a=l.querySelectorAll('iframe[data-secret=\"'+t.secret+'\"]'),o=l.querySelectorAll('blockquote[data-secret=\"'+t.secret+'\"]'),c=new RegExp(\"^https?:$\",\"i\"),i=0;i<o.length;i++)o[i].style.display=\"none\";for(i=0;i<a.length;i++)s=a[i],e.source===s.contentWindow&&(s.removeAttribute(\"style\"),\"height\"===t.message?(1e3<(r=parseInt(t.value,10))?r=1e3:~~r<200&&(r=200),s.height=r):\"link\"===t.message&&(r=new URL(s.getAttribute(\"src\")),n=new URL(t.value),c.test(n.protocol))&&n.host===r.host&&l.activeElement===s&&(d.top.location.href=t.value))}},d.addEventListener(\"message\",d.wp.receiveEmbedMessage,!1),l.addEventListener(\"DOMContentLoaded\",function(){for(var e,t,s=l.querySelectorAll(\"iframe.wp-embedded-content\"),r=0;r<s.length;r++)(t=(e=s[r]).getAttribute(\"data-secret\"))||(t=Math.random().toString(36).substring(2,12),e.src+=\"#?secret=\"+t,e.setAttribute(\"data-secret\",t)),e.contentWindow.postMessage({message:\"ready\",secret:t},\"*\")},!1)))}(window,document);\n\/* ]]> *\/\n<\/script>\n","thumbnail_url":"https:\/\/tvsensor.com\/wp-content\/uploads\/2020\/12\/bajden.jpg","thumbnail_width":940,"thumbnail_height":627,"description":"Novoizabrani ameri\u010dki predsjednik Joseph Biden najavio je da \u0107e se SAD prvog dana njegovog mandata ponovo pridru\u017eiti Pariskom sporazumu o klimi, u trenutku kada lideri dr\u017eava obilje\u017eavaju petu godi\u0161njicu tog me\u0111unarodnog pakta \u010diji je cilj obuzdavanje klimatskih promjena. Lideri vi\u0161e od 70 zemalja okupili su se danas putem video veze da obe\u0107aju preduzimanje ve\u0107ih napora [&hellip;]"}