{"version":"1.0","provider_name":"TVSensor","provider_url":"https:\/\/tvsensor.com","title":"'Banjalu\u010dkom muradijom' Bo\u0161njaci pokazuju da vjeruju u su\u017eivot","type":"rich","width":600,"height":338,"html":"<blockquote class=\"wp-embedded-content\" data-secret=\"O24mipxzi5\"><a href=\"https:\/\/tvsensor.com\/clanak\/banjaluckom-muradijom-bosnjaci-pokazuju-da-vjeruju-u-suzivot\/\">&#8216;Banjalu\u010dkom muradijom&#8217; Bo\u0161njaci pokazuju da vjeruju u su\u017eivot<\/a><\/blockquote><iframe sandbox=\"allow-scripts\" security=\"restricted\" src=\"https:\/\/tvsensor.com\/clanak\/banjaluckom-muradijom-bosnjaci-pokazuju-da-vjeruju-u-suzivot\/embed\/#?secret=O24mipxzi5\" width=\"600\" height=\"338\" title=\"&#8220;&#8216;Banjalu\u010dkom muradijom&#8217; Bo\u0161njaci pokazuju da vjeruju u su\u017eivot&#8221; &#8212; TVSensor\" data-secret=\"O24mipxzi5\" frameborder=\"0\" marginwidth=\"0\" marginheight=\"0\" scrolling=\"no\" class=\"wp-embedded-content\"><\/iframe><script type=\"text\/javascript\">\n\/* <![CDATA[ *\/\n\/*! This file is auto-generated *\/\n!function(d,l){\"use strict\";l.querySelector&&d.addEventListener&&\"undefined\"!=typeof URL&&(d.wp=d.wp||{},d.wp.receiveEmbedMessage||(d.wp.receiveEmbedMessage=function(e){var t=e.data;if((t||t.secret||t.message||t.value)&&!\/[^a-zA-Z0-9]\/.test(t.secret)){for(var s,r,n,a=l.querySelectorAll('iframe[data-secret=\"'+t.secret+'\"]'),o=l.querySelectorAll('blockquote[data-secret=\"'+t.secret+'\"]'),c=new RegExp(\"^https?:$\",\"i\"),i=0;i<o.length;i++)o[i].style.display=\"none\";for(i=0;i<a.length;i++)s=a[i],e.source===s.contentWindow&&(s.removeAttribute(\"style\"),\"height\"===t.message?(1e3<(r=parseInt(t.value,10))?r=1e3:~~r<200&&(r=200),s.height=r):\"link\"===t.message&&(r=new URL(s.getAttribute(\"src\")),n=new URL(t.value),c.test(n.protocol))&&n.host===r.host&&l.activeElement===s&&(d.top.location.href=t.value))}},d.addEventListener(\"message\",d.wp.receiveEmbedMessage,!1),l.addEventListener(\"DOMContentLoaded\",function(){for(var e,t,s=l.querySelectorAll(\"iframe.wp-embedded-content\"),r=0;r<s.length;r++)(t=(e=s[r]).getAttribute(\"data-secret\"))||(t=Math.random().toString(36).substring(2,12),e.src+=\"#?secret=\"+t,e.setAttribute(\"data-secret\",t)),e.contentWindow.postMessage({message:\"ready\",secret:t},\"*\")},!1)))}(window,document);\n\/* ]]> *\/\n<\/script>\n","thumbnail_url":"https:\/\/tvsensor.com\/wp-content\/uploads\/2019\/02\/timthumb-2-1.jpg","thumbnail_width":642,"thumbnail_height":339,"description":"Duhovna manifestacija \u201cBanjalu\u010dka muradija\u201c bit \u0107e odr\u017eana 7. marta u Ferhadiji d\u017eamiji u povodu Lejletul-regaiba. Muftija banjalu\u010dki Nusret ef. Abdibegovi\u0107 ka\u017ee da se o\u010dekuje da \u0107e to biti prepoznatljiv vjerski doga\u0111aj \u0160ehera na Vrbasu. &#8211; Za ovu priliku nije potrebno nabrajati patnje i isku\u0161enja kroz koja su pro\u0161li Banjalu\u010dani, no, svakako treba naglasiti da \u0107e [&hellip;]"}